{"id":4296,"date":"2026-01-15T15:00:09","date_gmt":"2026-01-15T15:00:09","guid":{"rendered":"https:\/\/oberholz.com\/?post_type=event&#038;p=4296"},"modified":"2025-11-17T11:12:16","modified_gmt":"2025-11-17T11:12:16","slug":"aperoberholz-winter","status":"publish","type":"event","link":"https:\/\/oberholz.com\/de\/event\/aperoberholz-winter\/","title":{"rendered":"Ap\u00e9rOberholz Summer"},"content":{"rendered":"\n<p><\/p>\n\n\n\n<p>Die Bergh\u00fctte Oberholz auf 2.096 m \u00fc.d.M. \u00f6ffnet am Abend wieder ihre Pforten und l\u00e4dt zum \u201eAp\u00e9ricena\u201c mit eigens kreierten Drinks und lokalen K\u00f6stlichkeiten ein.<\/p>\n\n\n\n<p>Die Auffahrt zur Bergh\u00fctte und die R\u00fcckfahrt ins Tal erfolgt mit dem Sessellift Obereggen-Oberholz.<\/p>\n\n\n\n<p>Am Freitag, dem 25. Juli 2025 k\u00f6nnen Besucher beim Ap\u00e9ricena den unvergesslichen Sternenhimmel unter dem Latemar genie\u00dfen.<\/p>\n\n\n\n<p>Eigens kreierte Drinks und Spritzvariationen, begleitet von kleinen H\u00e4ppchen und Musik von DJ NG machen den Ap\u00e9ricena zu einem einzigartigen Erlebnis.<\/p>\n\n\n\n<p><\/p>\n\n\n\n<p><strong>Termine:<\/strong>&nbsp;25.07.2025<br><strong>Preis inkl. Liftfahrt:<\/strong>&nbsp;Ap\u00e9ricena 44&nbsp;Euro<\/p>\n\n\n\n<p>Eine Reservierung ist erforderlich: <a href=\"mailto:oberholz@latemar.it\">oberholz@latemar.it<\/a>&nbsp;0471 618299<br><\/p>\n","protected":false},"featured_media":4310,"template":"","tags":[29],"class_list":["post-4296","event","type-event","status-publish","has-post-thumbnail","hentry","tag-archived"],"yoast_head":"<!-- This site is optimized with the Yoast SEO plugin v27.5 - https:\/\/yoast.com\/product\/yoast-seo-wordpress\/ -->\n<title>Ap\u00e9rOberholz Summer - Oberholz H\u00fctte<\/title>\n<meta name=\"robots\" content=\"index, follow, max-snippet:-1, max-image-preview:large, max-video-preview:-1\" \/>\n<link rel=\"canonical\" href=\"https:\/\/oberholz.com\/it\/event\/aperoberholz-sunset\/\" \/>\n<meta property=\"og:locale\" content=\"de_DE\" \/>\n<meta property=\"og:type\" content=\"article\" \/>\n<meta property=\"og:title\" content=\"Ap\u00e9rOberholz Summer - Oberholz H\u00fctte\" \/>\n<meta property=\"og:description\" content=\"Die Bergh\u00fctte Oberholz auf 2.096 m \u00fc.d.M. \u00f6ffnet am Abend wieder ihre Pforten und l\u00e4dt zum \u201eAp\u00e9ricena\u201c mit eigens kreierten Drinks und lokalen K\u00f6stlichkeiten ein. Die Auffahrt zur Bergh\u00fctte und die R\u00fcckfahrt ins Tal erfolgt mit dem Sessellift Obereggen-Oberholz. Am Freitag, dem 25. Juli 2025 k\u00f6nnen Besucher beim Ap\u00e9ricena den unvergesslichen Sternenhimmel unter dem Latemar [&hellip;]\" \/>\n<meta property=\"og:url\" content=\"https:\/\/oberholz.com\/it\/event\/aperoberholz-sunset\/\" \/>\n<meta property=\"og:site_name\" content=\"Oberholz H\u00fctte\" \/>\n<meta property=\"article:publisher\" content=\"https:\/\/www.facebook.com\/OberholzDolomites\/\" \/>\n<meta property=\"og:image\" content=\"https:\/\/oberholz.com\/wp-content\/uploads\/2025\/07\/Bildschirmfoto-2025-07-08-um-09.11.02.png\" \/>\n\t<meta property=\"og:image:width\" content=\"1310\" \/>\n\t<meta property=\"og:image:height\" content=\"1028\" \/>\n\t<meta property=\"og:image:type\" content=\"image\/png\" \/>\n<meta name=\"twitter:card\" content=\"summary_large_image\" \/>\n<meta name=\"twitter:label1\" content=\"Gesch\u00e4tzte Lesezeit\" \/>\n\t<meta name=\"twitter:data1\" content=\"1\u00a0Minute\" \/>\n<script type=\"application\/ld+json\" class=\"yoast-schema-graph\">{\"@context\":\"https:\\\/\\\/schema.org\",\"@graph\":[{\"@type\":\"WebPage\",\"@id\":\"https:\\\/\\\/oberholz.com\\\/it\\\/event\\\/aperoberholz-sunset\\\/\",\"url\":\"https:\\\/\\\/oberholz.com\\\/it\\\/event\\\/aperoberholz-sunset\\\/\",\"name\":\"Ap\u00e9rOberholz Summer - Oberholz H\u00fctte\",\"isPartOf\":{\"@id\":\"https:\\\/\\\/oberholz.com\\\/it\\\/#website\"},\"primaryImageOfPage\":{\"@id\":\"https:\\\/\\\/oberholz.com\\\/it\\\/event\\\/aperoberholz-sunset\\\/#primaryimage\"},\"image\":{\"@id\":\"https:\\\/\\\/oberholz.com\\\/it\\\/event\\\/aperoberholz-sunset\\\/#primaryimage\"},\"thumbnailUrl\":\"https:\\\/\\\/oberholz.com\\\/wp-content\\\/uploads\\\/2025\\\/07\\\/Bildschirmfoto-2025-07-08-um-09.11.02.png\",\"datePublished\":\"2026-01-15T15:00:09+00:00\",\"breadcrumb\":{\"@id\":\"https:\\\/\\\/oberholz.com\\\/it\\\/event\\\/aperoberholz-sunset\\\/#breadcrumb\"},\"inLanguage\":\"de\",\"potentialAction\":[{\"@type\":\"ReadAction\",\"target\":[\"https:\\\/\\\/oberholz.com\\\/it\\\/event\\\/aperoberholz-sunset\\\/\"]}]},{\"@type\":\"ImageObject\",\"inLanguage\":\"de\",\"@id\":\"https:\\\/\\\/oberholz.com\\\/it\\\/event\\\/aperoberholz-sunset\\\/#primaryimage\",\"url\":\"https:\\\/\\\/oberholz.com\\\/wp-content\\\/uploads\\\/2025\\\/07\\\/Bildschirmfoto-2025-07-08-um-09.11.02.png\",\"contentUrl\":\"https:\\\/\\\/oberholz.com\\\/wp-content\\\/uploads\\\/2025\\\/07\\\/Bildschirmfoto-2025-07-08-um-09.11.02.png\",\"width\":1310,\"height\":1028},{\"@type\":\"BreadcrumbList\",\"@id\":\"https:\\\/\\\/oberholz.com\\\/it\\\/event\\\/aperoberholz-sunset\\\/#breadcrumb\",\"itemListElement\":[{\"@type\":\"ListItem\",\"position\":1,\"name\":\"Home\",\"item\":\"https:\\\/\\\/oberholz.com\\\/de\\\/\"},{\"@type\":\"ListItem\",\"position\":2,\"name\":\"Events\",\"item\":\"https:\\\/\\\/oberholz.com\\\/it\\\/event\\\/\"},{\"@type\":\"ListItem\",\"position\":3,\"name\":\"Ap\u00e9rOberholz Summer\"}]},{\"@type\":\"WebSite\",\"@id\":\"https:\\\/\\\/oberholz.com\\\/it\\\/#website\",\"url\":\"https:\\\/\\\/oberholz.com\\\/it\\\/\",\"name\":\"Rifugio Oberholz\",\"description\":\"Genuss auf 2.096 m\",\"publisher\":{\"@id\":\"https:\\\/\\\/oberholz.com\\\/it\\\/#organization\"},\"potentialAction\":[{\"@type\":\"SearchAction\",\"target\":{\"@type\":\"EntryPoint\",\"urlTemplate\":\"https:\\\/\\\/oberholz.com\\\/it\\\/?s={search_term_string}\"},\"query-input\":{\"@type\":\"PropertyValueSpecification\",\"valueRequired\":true,\"valueName\":\"search_term_string\"}}],\"inLanguage\":\"de\"},{\"@type\":\"Organization\",\"@id\":\"https:\\\/\\\/oberholz.com\\\/it\\\/#organization\",\"name\":\"Rifugio Oberholz\",\"url\":\"https:\\\/\\\/oberholz.com\\\/it\\\/\",\"logo\":{\"@type\":\"ImageObject\",\"inLanguage\":\"de\",\"@id\":\"https:\\\/\\\/oberholz.com\\\/it\\\/#\\\/schema\\\/logo\\\/image\\\/\",\"url\":\"https:\\\/\\\/oberholz.com\\\/wp-content\\\/uploads\\\/2025\\\/02\\\/logo-oberholz-color-variant-no-stamp.svg\",\"contentUrl\":\"https:\\\/\\\/oberholz.com\\\/wp-content\\\/uploads\\\/2025\\\/02\\\/logo-oberholz-color-variant-no-stamp.svg\",\"width\":174,\"height\":175,\"caption\":\"Rifugio Oberholz\"},\"image\":{\"@id\":\"https:\\\/\\\/oberholz.com\\\/it\\\/#\\\/schema\\\/logo\\\/image\\\/\"},\"sameAs\":[\"https:\\\/\\\/www.facebook.com\\\/OberholzDolomites\\\/\",\"https:\\\/\\\/www.instagram.com\\\/oberholz_dolomites\\\/\"]}]}<\/script>\n<!-- \/ Yoast SEO plugin. -->","yoast_head_json":{"title":"Ap\u00e9rOberholz Summer - Oberholz H\u00fctte","robots":{"index":"index","follow":"follow","max-snippet":"max-snippet:-1","max-image-preview":"max-image-preview:large","max-video-preview":"max-video-preview:-1"},"canonical":"https:\/\/oberholz.com\/it\/event\/aperoberholz-sunset\/","og_locale":"de_DE","og_type":"article","og_title":"Ap\u00e9rOberholz Summer - Oberholz H\u00fctte","og_description":"Die Bergh\u00fctte Oberholz auf 2.096 m \u00fc.d.M. \u00f6ffnet am Abend wieder ihre Pforten und l\u00e4dt zum \u201eAp\u00e9ricena\u201c mit eigens kreierten Drinks und lokalen K\u00f6stlichkeiten ein. Die Auffahrt zur Bergh\u00fctte und die R\u00fcckfahrt ins Tal erfolgt mit dem Sessellift Obereggen-Oberholz. Am Freitag, dem 25. Juli 2025 k\u00f6nnen Besucher beim Ap\u00e9ricena den unvergesslichen Sternenhimmel unter dem Latemar [&hellip;]","og_url":"https:\/\/oberholz.com\/it\/event\/aperoberholz-sunset\/","og_site_name":"Oberholz H\u00fctte","article_publisher":"https:\/\/www.facebook.com\/OberholzDolomites\/","og_image":[{"width":1310,"height":1028,"url":"https:\/\/oberholz.com\/wp-content\/uploads\/2025\/07\/Bildschirmfoto-2025-07-08-um-09.11.02.png","type":"image\/png"}],"twitter_card":"summary_large_image","twitter_misc":{"Gesch\u00e4tzte Lesezeit":"1\u00a0Minute"},"schema":{"@context":"https:\/\/schema.org","@graph":[{"@type":"WebPage","@id":"https:\/\/oberholz.com\/it\/event\/aperoberholz-sunset\/","url":"https:\/\/oberholz.com\/it\/event\/aperoberholz-sunset\/","name":"Ap\u00e9rOberholz Summer - Oberholz H\u00fctte","isPartOf":{"@id":"https:\/\/oberholz.com\/it\/#website"},"primaryImageOfPage":{"@id":"https:\/\/oberholz.com\/it\/event\/aperoberholz-sunset\/#primaryimage"},"image":{"@id":"https:\/\/oberholz.com\/it\/event\/aperoberholz-sunset\/#primaryimage"},"thumbnailUrl":"https:\/\/oberholz.com\/wp-content\/uploads\/2025\/07\/Bildschirmfoto-2025-07-08-um-09.11.02.png","datePublished":"2026-01-15T15:00:09+00:00","breadcrumb":{"@id":"https:\/\/oberholz.com\/it\/event\/aperoberholz-sunset\/#breadcrumb"},"inLanguage":"de","potentialAction":[{"@type":"ReadAction","target":["https:\/\/oberholz.com\/it\/event\/aperoberholz-sunset\/"]}]},{"@type":"ImageObject","inLanguage":"de","@id":"https:\/\/oberholz.com\/it\/event\/aperoberholz-sunset\/#primaryimage","url":"https:\/\/oberholz.com\/wp-content\/uploads\/2025\/07\/Bildschirmfoto-2025-07-08-um-09.11.02.png","contentUrl":"https:\/\/oberholz.com\/wp-content\/uploads\/2025\/07\/Bildschirmfoto-2025-07-08-um-09.11.02.png","width":1310,"height":1028},{"@type":"BreadcrumbList","@id":"https:\/\/oberholz.com\/it\/event\/aperoberholz-sunset\/#breadcrumb","itemListElement":[{"@type":"ListItem","position":1,"name":"Home","item":"https:\/\/oberholz.com\/de\/"},{"@type":"ListItem","position":2,"name":"Events","item":"https:\/\/oberholz.com\/it\/event\/"},{"@type":"ListItem","position":3,"name":"Ap\u00e9rOberholz Summer"}]},{"@type":"WebSite","@id":"https:\/\/oberholz.com\/it\/#website","url":"https:\/\/oberholz.com\/it\/","name":"Rifugio Oberholz","description":"Genuss auf 2.096 m","publisher":{"@id":"https:\/\/oberholz.com\/it\/#organization"},"potentialAction":[{"@type":"SearchAction","target":{"@type":"EntryPoint","urlTemplate":"https:\/\/oberholz.com\/it\/?s={search_term_string}"},"query-input":{"@type":"PropertyValueSpecification","valueRequired":true,"valueName":"search_term_string"}}],"inLanguage":"de"},{"@type":"Organization","@id":"https:\/\/oberholz.com\/it\/#organization","name":"Rifugio Oberholz","url":"https:\/\/oberholz.com\/it\/","logo":{"@type":"ImageObject","inLanguage":"de","@id":"https:\/\/oberholz.com\/it\/#\/schema\/logo\/image\/","url":"https:\/\/oberholz.com\/wp-content\/uploads\/2025\/02\/logo-oberholz-color-variant-no-stamp.svg","contentUrl":"https:\/\/oberholz.com\/wp-content\/uploads\/2025\/02\/logo-oberholz-color-variant-no-stamp.svg","width":174,"height":175,"caption":"Rifugio Oberholz"},"image":{"@id":"https:\/\/oberholz.com\/it\/#\/schema\/logo\/image\/"},"sameAs":["https:\/\/www.facebook.com\/OberholzDolomites\/","https:\/\/www.instagram.com\/oberholz_dolomites\/"]}]}},"meta_box":{"subtitle":"DJ NG when it comes to music"},"_links":{"self":[{"href":"https:\/\/oberholz.com\/de\/wp-json\/wp\/v2\/event\/4296","targetHints":{"allow":["GET"]}}],"collection":[{"href":"https:\/\/oberholz.com\/de\/wp-json\/wp\/v2\/event"}],"about":[{"href":"https:\/\/oberholz.com\/de\/wp-json\/wp\/v2\/types\/event"}],"wp:featuredmedia":[{"embeddable":true,"href":"https:\/\/oberholz.com\/de\/wp-json\/wp\/v2\/media\/4310"}],"wp:attachment":[{"href":"https:\/\/oberholz.com\/de\/wp-json\/wp\/v2\/media?parent=4296"}],"wp:term":[{"taxonomy":"post_tag","embeddable":true,"href":"https:\/\/oberholz.com\/de\/wp-json\/wp\/v2\/tags?post=4296"}],"curies":[{"name":"wp","href":"https:\/\/api.w.org\/{rel}","templated":true}]}}