{"id":2036,"date":"2025-11-16T12:00:27","date_gmt":"2025-11-16T12:00:27","guid":{"rendered":"https:\/\/oberholz.com\/?post_type=event&#038;p=2036"},"modified":"2026-04-27T09:48:21","modified_gmt":"2026-04-27T09:48:21","slug":"aperoberholz-der-aperitvo-lungo-auf-2-096-m","status":"publish","type":"event","link":"https:\/\/oberholz.com\/de\/event\/aperoberholz-der-aperitvo-lungo-auf-2-096-m\/","title":{"rendered":"Ap\u00e9rOberholz Winter Edition"},"content":{"rendered":"\n<p><\/p>\n\n\n\n<p>Die Bergh\u00fctte Oberholz auf 2.096 m \u00fc. d. M. \u00f6ffnet an ausgew\u00e4hlten Abenden wieder ihre Pforten und l\u00e4dt zum exklusiven <strong>\u201eAperitivo Lungo\u201c<\/strong> in besonderer Atmosph\u00e4re ein.<\/p>\n\n\n\n<p>An ausgew\u00e4hlten Freitagen \u2013 <strong>13. und 27. Februar, 13. und 27. M\u00e4rz sowie 10. April 2026<\/strong> \u2013 erwartet euch ein unvergesslicher Abend am Fu\u00dfe des Latemar.<\/p>\n\n\n\n<p>Beim <strong>Ap\u00e8rOberholz<\/strong> genie\u00dft ihr einen eigens f\u00fcr euch kreierten Drink, begleitet von einer Vielfalt feiner H\u00e4ppchen und regionaler K\u00f6stlichkeiten. Dazu stimmungsvolle Musik, die beeindruckende Bergkulisse und der unvergleichliche Sternenhimmel \u00fcber dem Latemar.<\/p>\n\n\n\n<p>Die Auffahrt zur Bergh\u00fctte und die R\u00fcckfahrt ins Tal erfolgen exklusiv mit dem <strong>Sessellift Obereggen\u2013Oberholz<\/strong> \u2013 die Liftfahrt ist im Erlebnis inbegriffen.<\/p>\n\n\n\n<p>Erlebt einen besonderen Abend zwischen Himmel und Bergen \u2013 stilvoll, genussvoll und unvergesslich.<br><strong>&nbsp;<\/strong><\/p>\n\n\n\n<p><strong>Termine:<\/strong>\u00a013.02., 27.02.,\u00a013.03., 27.03., 10.04.2026<br><strong>Preis inkl. Liftfahrt:<\/strong>\u00a0Ap\u00e8rOberholz 49\u00a0Euro<br><strong>Reservierungen:\u00a0<\/strong>+39 0471 618299 \u2013\u00a0<a href=\"mailto:oberholz@latemar.it\">oberholz@latemar.it<\/a><\/p>\n","protected":false},"featured_media":828,"template":"","tags":[29],"class_list":["post-2036","event","type-event","status-publish","has-post-thumbnail","hentry","tag-archived"],"yoast_head":"<!-- This site is optimized with the Yoast SEO plugin v26.5 - https:\/\/yoast.com\/wordpress\/plugins\/seo\/ -->\n<title>Ap\u00e9rOberholz Winter Edition - Oberholz H\u00fctte<\/title>\n<meta name=\"robots\" content=\"index, follow, max-snippet:-1, max-image-preview:large, max-video-preview:-1\" \/>\n<link rel=\"canonical\" href=\"https:\/\/oberholz.com\/de\/event\/aperoberholz-der-aperitvo-lungo-auf-2-096-m\/\" \/>\n<meta property=\"og:locale\" content=\"de_DE\" \/>\n<meta property=\"og:type\" content=\"article\" \/>\n<meta property=\"og:title\" content=\"Ap\u00e9rOberholz Winter Edition - Oberholz H\u00fctte\" \/>\n<meta property=\"og:description\" content=\"Die Bergh\u00fctte Oberholz auf 2.096 m \u00fc. d. M. \u00f6ffnet an ausgew\u00e4hlten Abenden wieder ihre Pforten und l\u00e4dt zum exklusiven \u201eAperitivo Lungo\u201c in besonderer Atmosph\u00e4re ein. An ausgew\u00e4hlten Freitagen \u2013 13. und 27. Februar, 13. und 27. M\u00e4rz sowie 10. April 2026 \u2013 erwartet euch ein unvergesslicher Abend am Fu\u00dfe des Latemar. Beim Ap\u00e8rOberholz genie\u00dft [&hellip;]\" \/>\n<meta property=\"og:url\" content=\"https:\/\/oberholz.com\/de\/event\/aperoberholz-der-aperitvo-lungo-auf-2-096-m\/\" \/>\n<meta property=\"og:site_name\" content=\"Oberholz H\u00fctte\" \/>\n<meta property=\"article:publisher\" content=\"https:\/\/www.facebook.com\/OberholzDolomites\/\" \/>\n<meta property=\"article:modified_time\" content=\"2026-04-27T09:48:21+00:00\" \/>\n<meta property=\"og:image\" content=\"https:\/\/oberholz.com\/wp-content\/uploads\/2025\/03\/Gabriel_Eisath-29_12_23-19_50_18.jpg\" \/>\n\t<meta property=\"og:image:width\" content=\"1600\" \/>\n\t<meta property=\"og:image:height\" content=\"2400\" \/>\n\t<meta property=\"og:image:type\" content=\"image\/jpeg\" \/>\n<meta name=\"twitter:card\" content=\"summary_large_image\" \/>\n<meta name=\"twitter:label1\" content=\"Gesch\u00e4tzte Lesezeit\" \/>\n\t<meta name=\"twitter:data1\" content=\"1\u00a0Minute\" \/>\n<script type=\"application\/ld+json\" class=\"yoast-schema-graph\">{\"@context\":\"https:\/\/schema.org\",\"@graph\":[{\"@type\":\"WebPage\",\"@id\":\"https:\/\/oberholz.com\/de\/event\/aperoberholz-der-aperitvo-lungo-auf-2-096-m\/\",\"url\":\"https:\/\/oberholz.com\/de\/event\/aperoberholz-der-aperitvo-lungo-auf-2-096-m\/\",\"name\":\"Ap\u00e9rOberholz Winter Edition - Oberholz H\u00fctte\",\"isPartOf\":{\"@id\":\"https:\/\/oberholz.com\/it\/#website\"},\"primaryImageOfPage\":{\"@id\":\"https:\/\/oberholz.com\/de\/event\/aperoberholz-der-aperitvo-lungo-auf-2-096-m\/#primaryimage\"},\"image\":{\"@id\":\"https:\/\/oberholz.com\/de\/event\/aperoberholz-der-aperitvo-lungo-auf-2-096-m\/#primaryimage\"},\"thumbnailUrl\":\"https:\/\/oberholz.com\/wp-content\/uploads\/2025\/03\/Gabriel_Eisath-29_12_23-19_50_18.jpg\",\"datePublished\":\"2025-11-16T12:00:27+00:00\",\"dateModified\":\"2026-04-27T09:48:21+00:00\",\"breadcrumb\":{\"@id\":\"https:\/\/oberholz.com\/de\/event\/aperoberholz-der-aperitvo-lungo-auf-2-096-m\/#breadcrumb\"},\"inLanguage\":\"de\",\"potentialAction\":[{\"@type\":\"ReadAction\",\"target\":[\"https:\/\/oberholz.com\/de\/event\/aperoberholz-der-aperitvo-lungo-auf-2-096-m\/\"]}]},{\"@type\":\"ImageObject\",\"inLanguage\":\"de\",\"@id\":\"https:\/\/oberholz.com\/de\/event\/aperoberholz-der-aperitvo-lungo-auf-2-096-m\/#primaryimage\",\"url\":\"https:\/\/oberholz.com\/wp-content\/uploads\/2025\/03\/Gabriel_Eisath-29_12_23-19_50_18.jpg\",\"contentUrl\":\"https:\/\/oberholz.com\/wp-content\/uploads\/2025\/03\/Gabriel_Eisath-29_12_23-19_50_18.jpg\",\"width\":1600,\"height\":2400},{\"@type\":\"BreadcrumbList\",\"@id\":\"https:\/\/oberholz.com\/de\/event\/aperoberholz-der-aperitvo-lungo-auf-2-096-m\/#breadcrumb\",\"itemListElement\":[{\"@type\":\"ListItem\",\"position\":1,\"name\":\"Home\",\"item\":\"https:\/\/oberholz.com\/de\/\"},{\"@type\":\"ListItem\",\"position\":2,\"name\":\"Events\",\"item\":\"https:\/\/oberholz.com\/it\/event\/\"},{\"@type\":\"ListItem\",\"position\":3,\"name\":\"Ap\u00e9rOberholz Winter Edition\"}]},{\"@type\":\"WebSite\",\"@id\":\"https:\/\/oberholz.com\/it\/#website\",\"url\":\"https:\/\/oberholz.com\/it\/\",\"name\":\"Rifugio Oberholz\",\"description\":\"Genuss auf 2.096 m\",\"publisher\":{\"@id\":\"https:\/\/oberholz.com\/it\/#organization\"},\"potentialAction\":[{\"@type\":\"SearchAction\",\"target\":{\"@type\":\"EntryPoint\",\"urlTemplate\":\"https:\/\/oberholz.com\/it\/?s={search_term_string}\"},\"query-input\":{\"@type\":\"PropertyValueSpecification\",\"valueRequired\":true,\"valueName\":\"search_term_string\"}}],\"inLanguage\":\"de\"},{\"@type\":\"Organization\",\"@id\":\"https:\/\/oberholz.com\/it\/#organization\",\"name\":\"Rifugio Oberholz\",\"url\":\"https:\/\/oberholz.com\/it\/\",\"logo\":{\"@type\":\"ImageObject\",\"inLanguage\":\"de\",\"@id\":\"https:\/\/oberholz.com\/it\/#\/schema\/logo\/image\/\",\"url\":\"https:\/\/oberholz.com\/wp-content\/uploads\/2025\/02\/logo-oberholz-color-variant-no-stamp.svg\",\"contentUrl\":\"https:\/\/oberholz.com\/wp-content\/uploads\/2025\/02\/logo-oberholz-color-variant-no-stamp.svg\",\"width\":174,\"height\":175,\"caption\":\"Rifugio Oberholz\"},\"image\":{\"@id\":\"https:\/\/oberholz.com\/it\/#\/schema\/logo\/image\/\"},\"sameAs\":[\"https:\/\/www.facebook.com\/OberholzDolomites\/\",\"https:\/\/www.instagram.com\/oberholz_dolomites\/\"]}]}<\/script>\n<!-- \/ Yoast SEO plugin. -->","yoast_head_json":{"title":"Ap\u00e9rOberholz Winter Edition - Oberholz H\u00fctte","robots":{"index":"index","follow":"follow","max-snippet":"max-snippet:-1","max-image-preview":"max-image-preview:large","max-video-preview":"max-video-preview:-1"},"canonical":"https:\/\/oberholz.com\/de\/event\/aperoberholz-der-aperitvo-lungo-auf-2-096-m\/","og_locale":"de_DE","og_type":"article","og_title":"Ap\u00e9rOberholz Winter Edition - Oberholz H\u00fctte","og_description":"Die Bergh\u00fctte Oberholz auf 2.096 m \u00fc. d. M. \u00f6ffnet an ausgew\u00e4hlten Abenden wieder ihre Pforten und l\u00e4dt zum exklusiven \u201eAperitivo Lungo\u201c in besonderer Atmosph\u00e4re ein. An ausgew\u00e4hlten Freitagen \u2013 13. und 27. Februar, 13. und 27. M\u00e4rz sowie 10. April 2026 \u2013 erwartet euch ein unvergesslicher Abend am Fu\u00dfe des Latemar. Beim Ap\u00e8rOberholz genie\u00dft [&hellip;]","og_url":"https:\/\/oberholz.com\/de\/event\/aperoberholz-der-aperitvo-lungo-auf-2-096-m\/","og_site_name":"Oberholz H\u00fctte","article_publisher":"https:\/\/www.facebook.com\/OberholzDolomites\/","article_modified_time":"2026-04-27T09:48:21+00:00","og_image":[{"width":1600,"height":2400,"url":"https:\/\/oberholz.com\/wp-content\/uploads\/2025\/03\/Gabriel_Eisath-29_12_23-19_50_18.jpg","type":"image\/jpeg"}],"twitter_card":"summary_large_image","twitter_misc":{"Gesch\u00e4tzte Lesezeit":"1\u00a0Minute"},"schema":{"@context":"https:\/\/schema.org","@graph":[{"@type":"WebPage","@id":"https:\/\/oberholz.com\/de\/event\/aperoberholz-der-aperitvo-lungo-auf-2-096-m\/","url":"https:\/\/oberholz.com\/de\/event\/aperoberholz-der-aperitvo-lungo-auf-2-096-m\/","name":"Ap\u00e9rOberholz Winter Edition - Oberholz H\u00fctte","isPartOf":{"@id":"https:\/\/oberholz.com\/it\/#website"},"primaryImageOfPage":{"@id":"https:\/\/oberholz.com\/de\/event\/aperoberholz-der-aperitvo-lungo-auf-2-096-m\/#primaryimage"},"image":{"@id":"https:\/\/oberholz.com\/de\/event\/aperoberholz-der-aperitvo-lungo-auf-2-096-m\/#primaryimage"},"thumbnailUrl":"https:\/\/oberholz.com\/wp-content\/uploads\/2025\/03\/Gabriel_Eisath-29_12_23-19_50_18.jpg","datePublished":"2025-11-16T12:00:27+00:00","dateModified":"2026-04-27T09:48:21+00:00","breadcrumb":{"@id":"https:\/\/oberholz.com\/de\/event\/aperoberholz-der-aperitvo-lungo-auf-2-096-m\/#breadcrumb"},"inLanguage":"de","potentialAction":[{"@type":"ReadAction","target":["https:\/\/oberholz.com\/de\/event\/aperoberholz-der-aperitvo-lungo-auf-2-096-m\/"]}]},{"@type":"ImageObject","inLanguage":"de","@id":"https:\/\/oberholz.com\/de\/event\/aperoberholz-der-aperitvo-lungo-auf-2-096-m\/#primaryimage","url":"https:\/\/oberholz.com\/wp-content\/uploads\/2025\/03\/Gabriel_Eisath-29_12_23-19_50_18.jpg","contentUrl":"https:\/\/oberholz.com\/wp-content\/uploads\/2025\/03\/Gabriel_Eisath-29_12_23-19_50_18.jpg","width":1600,"height":2400},{"@type":"BreadcrumbList","@id":"https:\/\/oberholz.com\/de\/event\/aperoberholz-der-aperitvo-lungo-auf-2-096-m\/#breadcrumb","itemListElement":[{"@type":"ListItem","position":1,"name":"Home","item":"https:\/\/oberholz.com\/de\/"},{"@type":"ListItem","position":2,"name":"Events","item":"https:\/\/oberholz.com\/it\/event\/"},{"@type":"ListItem","position":3,"name":"Ap\u00e9rOberholz Winter Edition"}]},{"@type":"WebSite","@id":"https:\/\/oberholz.com\/it\/#website","url":"https:\/\/oberholz.com\/it\/","name":"Rifugio Oberholz","description":"Genuss auf 2.096 m","publisher":{"@id":"https:\/\/oberholz.com\/it\/#organization"},"potentialAction":[{"@type":"SearchAction","target":{"@type":"EntryPoint","urlTemplate":"https:\/\/oberholz.com\/it\/?s={search_term_string}"},"query-input":{"@type":"PropertyValueSpecification","valueRequired":true,"valueName":"search_term_string"}}],"inLanguage":"de"},{"@type":"Organization","@id":"https:\/\/oberholz.com\/it\/#organization","name":"Rifugio Oberholz","url":"https:\/\/oberholz.com\/it\/","logo":{"@type":"ImageObject","inLanguage":"de","@id":"https:\/\/oberholz.com\/it\/#\/schema\/logo\/image\/","url":"https:\/\/oberholz.com\/wp-content\/uploads\/2025\/02\/logo-oberholz-color-variant-no-stamp.svg","contentUrl":"https:\/\/oberholz.com\/wp-content\/uploads\/2025\/02\/logo-oberholz-color-variant-no-stamp.svg","width":174,"height":175,"caption":"Rifugio Oberholz"},"image":{"@id":"https:\/\/oberholz.com\/it\/#\/schema\/logo\/image\/"},"sameAs":["https:\/\/www.facebook.com\/OberholzDolomites\/","https:\/\/www.instagram.com\/oberholz_dolomites\/"]}]}},"meta_box":{"subtitle":"Der Aperitvo lungo auf 2.096 m"},"_links":{"self":[{"href":"https:\/\/oberholz.com\/de\/wp-json\/wp\/v2\/event\/2036","targetHints":{"allow":["GET"]}}],"collection":[{"href":"https:\/\/oberholz.com\/de\/wp-json\/wp\/v2\/event"}],"about":[{"href":"https:\/\/oberholz.com\/de\/wp-json\/wp\/v2\/types\/event"}],"wp:featuredmedia":[{"embeddable":true,"href":"https:\/\/oberholz.com\/de\/wp-json\/wp\/v2\/media\/828"}],"wp:attachment":[{"href":"https:\/\/oberholz.com\/de\/wp-json\/wp\/v2\/media?parent=2036"}],"wp:term":[{"taxonomy":"post_tag","embeddable":true,"href":"https:\/\/oberholz.com\/de\/wp-json\/wp\/v2\/tags?post=2036"}],"curies":[{"name":"wp","href":"https:\/\/api.w.org\/{rel}","templated":true}]}}